{"id":62881,"date":"2021-06-27T20:33:58","date_gmt":"2021-06-27T18:33:58","guid":{"rendered":"https:\/\/www.vinzenzmeier.ch\/?page_id=62881"},"modified":"2023-03-30T15:21:11","modified_gmt":"2023-03-30T13:21:11","slug":"materiaux-naturels","status":"publish","type":"page","link":"https:\/\/www.vinzenzmeier.ch\/fr\/assortiment\/materiaux-naturels\/","title":{"rendered":"Mat\u00e9riaux naturels"},"content":{"rendered":"<p>Mat\u00e9riaux naturels Chez Vinzenz Meier, tu trouveras des paniers en osier, de la vannerie, des couronnes coll\u00e9es ou tress\u00e9es ainsi qu\u2019un vaste assortiment sec. Nous importons toutes sortes de mat\u00e9riaux naturels. Notre assortiment est adapt\u00e9 au march\u00e9 suisse. Pommes de pin, fruits, bois flott\u00e9: chez nous, tu as l\u2019embarras du choix. Avec nos mat\u00e9riaux issus\u2026<\/p>\n","protected":false},"excerpt":{"rendered":"<p>Mat\u00e9riaux naturels Chez Vinzenz Meier, tu trouveras des paniers en osier, de la vannerie, des couronnes coll\u00e9es ou tress\u00e9es ainsi qu\u2019un vaste assortiment sec. Nous importons toutes sortes de mat\u00e9riaux naturels. Notre assortiment est adapt\u00e9 au march\u00e9 suisse. Pommes de pin, fruits, bois flott\u00e9: chez nous, tu as l\u2019embarras du choix. Avec nos mat\u00e9riaux issus\u2026<\/p>\n","protected":false},"author":1,"featured_media":0,"parent":62851,"menu_order":0,"comment_status":"closed","ping_status":"closed","template":"template-pages\/template-sortiment-child.php","meta":{"_acf_changed":false,"footnotes":""},"class_list":["post-62881","page","type-page","status-publish","hentry"],"acf":[],"yoast_head":"<!-- This site is optimized with the Yoast SEO plugin v27.3 - https:\/\/yoast.com\/product\/yoast-seo-wordpress\/ -->\n<title>Les mat\u00e9riaux naturels de Vinzenz Meier - inspirez-vous !<\/title>\n<meta name=\"description\" content=\"Nous importons des mati\u00e8res naturelles et proposons une gamme compl\u00e8te de produits naturels adapt\u00e9s au march\u00e9 suisse.\" \/>\n<meta name=\"robots\" content=\"index, follow, max-snippet:-1, max-image-preview:large, max-video-preview:-1\" \/>\n<link rel=\"canonical\" href=\"https:\/\/www.vinzenzmeier.ch\/fr\/assortiment\/materiaux-naturels\/\" \/>\n<meta property=\"og:locale\" content=\"fr_FR\" \/>\n<meta property=\"og:type\" content=\"article\" \/>\n<meta property=\"og:title\" content=\"Les mat\u00e9riaux naturels de Vinzenz Meier - inspirez-vous !\" \/>\n<meta property=\"og:description\" content=\"Nous importons des mati\u00e8res naturelles et proposons une gamme compl\u00e8te de produits naturels adapt\u00e9s au march\u00e9 suisse.\" \/>\n<meta property=\"og:url\" content=\"https:\/\/www.vinzenzmeier.ch\/fr\/assortiment\/materiaux-naturels\/\" \/>\n<meta property=\"og:site_name\" content=\"Vinzenz Meier\" \/>\n<meta property=\"article:modified_time\" content=\"2023-03-30T13:21:11+00:00\" \/>\n<meta name=\"twitter:card\" content=\"summary_large_image\" \/>\n<meta name=\"twitter:label1\" content=\"Dur\u00e9e de lecture estim\u00e9e\" \/>\n\t<meta name=\"twitter:data1\" content=\"1 minute\" \/>\n<script type=\"application\/ld+json\" class=\"yoast-schema-graph\">{\"@context\":\"https:\\\/\\\/schema.org\",\"@graph\":[{\"@type\":\"WebPage\",\"@id\":\"https:\\\/\\\/www.vinzenzmeier.ch\\\/fr\\\/assortiment\\\/materiaux-naturels\\\/\",\"url\":\"https:\\\/\\\/www.vinzenzmeier.ch\\\/fr\\\/assortiment\\\/materiaux-naturels\\\/\",\"name\":\"Les mat\u00e9riaux naturels de Vinzenz Meier - inspirez-vous !\",\"isPartOf\":{\"@id\":\"https:\\\/\\\/www.vinzenzmeier.ch\\\/#website\"},\"datePublished\":\"2021-06-27T18:33:58+00:00\",\"dateModified\":\"2023-03-30T13:21:11+00:00\",\"description\":\"Nous importons des mati\u00e8res naturelles et proposons une gamme compl\u00e8te de produits naturels adapt\u00e9s au march\u00e9 suisse.\",\"breadcrumb\":{\"@id\":\"https:\\\/\\\/www.vinzenzmeier.ch\\\/fr\\\/assortiment\\\/materiaux-naturels\\\/#breadcrumb\"},\"inLanguage\":\"fr-FR\",\"potentialAction\":[{\"@type\":\"ReadAction\",\"target\":[\"https:\\\/\\\/www.vinzenzmeier.ch\\\/fr\\\/assortiment\\\/materiaux-naturels\\\/\"]}]},{\"@type\":\"BreadcrumbList\",\"@id\":\"https:\\\/\\\/www.vinzenzmeier.ch\\\/fr\\\/assortiment\\\/materiaux-naturels\\\/#breadcrumb\",\"itemListElement\":[{\"@type\":\"ListItem\",\"position\":1,\"name\":\"Startseite\",\"item\":\"https:\\\/\\\/www.vinzenzmeier.ch\\\/fr\\\/\"},{\"@type\":\"ListItem\",\"position\":2,\"name\":\"Assortiment\",\"item\":\"https:\\\/\\\/www.vinzenzmeier.ch\\\/fr\\\/assortiment\\\/\"},{\"@type\":\"ListItem\",\"position\":3,\"name\":\"Mat\u00e9riaux naturels\"}]},{\"@type\":\"WebSite\",\"@id\":\"https:\\\/\\\/www.vinzenzmeier.ch\\\/#website\",\"url\":\"https:\\\/\\\/www.vinzenzmeier.ch\\\/\",\"name\":\"Vinzenz Meier\",\"description\":\"\",\"publisher\":{\"@id\":\"https:\\\/\\\/www.vinzenzmeier.ch\\\/#organization\"},\"potentialAction\":[{\"@type\":\"SearchAction\",\"target\":{\"@type\":\"EntryPoint\",\"urlTemplate\":\"https:\\\/\\\/www.vinzenzmeier.ch\\\/?s={search_term_string}\"},\"query-input\":{\"@type\":\"PropertyValueSpecification\",\"valueRequired\":true,\"valueName\":\"search_term_string\"}}],\"inLanguage\":\"fr-FR\"},{\"@type\":\"Organization\",\"@id\":\"https:\\\/\\\/www.vinzenzmeier.ch\\\/#organization\",\"name\":\"Vinzenz Meier\",\"url\":\"https:\\\/\\\/www.vinzenzmeier.ch\\\/\",\"logo\":{\"@type\":\"ImageObject\",\"inLanguage\":\"fr-FR\",\"@id\":\"https:\\\/\\\/www.vinzenzmeier.ch\\\/#\\\/schema\\\/logo\\\/image\\\/\",\"url\":\"https:\\\/\\\/www.vinzenzmeier.ch\\\/wp-content\\\/uploads\\\/2021\\\/06\\\/vinzenz_meier_logo.jpg\",\"contentUrl\":\"https:\\\/\\\/www.vinzenzmeier.ch\\\/wp-content\\\/uploads\\\/2021\\\/06\\\/vinzenz_meier_logo.jpg\",\"width\":150,\"height\":150,\"caption\":\"Vinzenz Meier\"},\"image\":{\"@id\":\"https:\\\/\\\/www.vinzenzmeier.ch\\\/#\\\/schema\\\/logo\\\/image\\\/\"}}]}<\/script>\n<!-- \/ Yoast SEO plugin. -->","yoast_head_json":{"title":"Les mat\u00e9riaux naturels de Vinzenz Meier - inspirez-vous !","description":"Nous importons des mati\u00e8res naturelles et proposons une gamme compl\u00e8te de produits naturels adapt\u00e9s au march\u00e9 suisse.","robots":{"index":"index","follow":"follow","max-snippet":"max-snippet:-1","max-image-preview":"max-image-preview:large","max-video-preview":"max-video-preview:-1"},"canonical":"https:\/\/www.vinzenzmeier.ch\/fr\/assortiment\/materiaux-naturels\/","og_locale":"fr_FR","og_type":"article","og_title":"Les mat\u00e9riaux naturels de Vinzenz Meier - inspirez-vous !","og_description":"Nous importons des mati\u00e8res naturelles et proposons une gamme compl\u00e8te de produits naturels adapt\u00e9s au march\u00e9 suisse.","og_url":"https:\/\/www.vinzenzmeier.ch\/fr\/assortiment\/materiaux-naturels\/","og_site_name":"Vinzenz Meier","article_modified_time":"2023-03-30T13:21:11+00:00","twitter_card":"summary_large_image","twitter_misc":{"Dur\u00e9e de lecture estim\u00e9e":"1 minute"},"schema":{"@context":"https:\/\/schema.org","@graph":[{"@type":"WebPage","@id":"https:\/\/www.vinzenzmeier.ch\/fr\/assortiment\/materiaux-naturels\/","url":"https:\/\/www.vinzenzmeier.ch\/fr\/assortiment\/materiaux-naturels\/","name":"Les mat\u00e9riaux naturels de Vinzenz Meier - inspirez-vous !","isPartOf":{"@id":"https:\/\/www.vinzenzmeier.ch\/#website"},"datePublished":"2021-06-27T18:33:58+00:00","dateModified":"2023-03-30T13:21:11+00:00","description":"Nous importons des mati\u00e8res naturelles et proposons une gamme compl\u00e8te de produits naturels adapt\u00e9s au march\u00e9 suisse.","breadcrumb":{"@id":"https:\/\/www.vinzenzmeier.ch\/fr\/assortiment\/materiaux-naturels\/#breadcrumb"},"inLanguage":"fr-FR","potentialAction":[{"@type":"ReadAction","target":["https:\/\/www.vinzenzmeier.ch\/fr\/assortiment\/materiaux-naturels\/"]}]},{"@type":"BreadcrumbList","@id":"https:\/\/www.vinzenzmeier.ch\/fr\/assortiment\/materiaux-naturels\/#breadcrumb","itemListElement":[{"@type":"ListItem","position":1,"name":"Startseite","item":"https:\/\/www.vinzenzmeier.ch\/fr\/"},{"@type":"ListItem","position":2,"name":"Assortiment","item":"https:\/\/www.vinzenzmeier.ch\/fr\/assortiment\/"},{"@type":"ListItem","position":3,"name":"Mat\u00e9riaux naturels"}]},{"@type":"WebSite","@id":"https:\/\/www.vinzenzmeier.ch\/#website","url":"https:\/\/www.vinzenzmeier.ch\/","name":"Vinzenz Meier","description":"","publisher":{"@id":"https:\/\/www.vinzenzmeier.ch\/#organization"},"potentialAction":[{"@type":"SearchAction","target":{"@type":"EntryPoint","urlTemplate":"https:\/\/www.vinzenzmeier.ch\/?s={search_term_string}"},"query-input":{"@type":"PropertyValueSpecification","valueRequired":true,"valueName":"search_term_string"}}],"inLanguage":"fr-FR"},{"@type":"Organization","@id":"https:\/\/www.vinzenzmeier.ch\/#organization","name":"Vinzenz Meier","url":"https:\/\/www.vinzenzmeier.ch\/","logo":{"@type":"ImageObject","inLanguage":"fr-FR","@id":"https:\/\/www.vinzenzmeier.ch\/#\/schema\/logo\/image\/","url":"https:\/\/www.vinzenzmeier.ch\/wp-content\/uploads\/2021\/06\/vinzenz_meier_logo.jpg","contentUrl":"https:\/\/www.vinzenzmeier.ch\/wp-content\/uploads\/2021\/06\/vinzenz_meier_logo.jpg","width":150,"height":150,"caption":"Vinzenz Meier"},"image":{"@id":"https:\/\/www.vinzenzmeier.ch\/#\/schema\/logo\/image\/"}}]}},"_links":{"self":[{"href":"https:\/\/www.vinzenzmeier.ch\/fr\/wp-json\/wp\/v2\/pages\/62881","targetHints":{"allow":["GET"]}}],"collection":[{"href":"https:\/\/www.vinzenzmeier.ch\/fr\/wp-json\/wp\/v2\/pages"}],"about":[{"href":"https:\/\/www.vinzenzmeier.ch\/fr\/wp-json\/wp\/v2\/types\/page"}],"author":[{"embeddable":true,"href":"https:\/\/www.vinzenzmeier.ch\/fr\/wp-json\/wp\/v2\/users\/1"}],"replies":[{"embeddable":true,"href":"https:\/\/www.vinzenzmeier.ch\/fr\/wp-json\/wp\/v2\/comments?post=62881"}],"version-history":[{"count":8,"href":"https:\/\/www.vinzenzmeier.ch\/fr\/wp-json\/wp\/v2\/pages\/62881\/revisions"}],"predecessor-version":[{"id":74276,"href":"https:\/\/www.vinzenzmeier.ch\/fr\/wp-json\/wp\/v2\/pages\/62881\/revisions\/74276"}],"up":[{"embeddable":true,"href":"https:\/\/www.vinzenzmeier.ch\/fr\/wp-json\/wp\/v2\/pages\/62851"}],"wp:attachment":[{"href":"https:\/\/www.vinzenzmeier.ch\/fr\/wp-json\/wp\/v2\/media?parent=62881"}],"curies":[{"name":"wp","href":"https:\/\/api.w.org\/{rel}","templated":true}]}}